{"id":21131,"date":"2024-10-10T07:16:50","date_gmt":"2024-10-10T05:16:50","guid":{"rendered":"https:\/\/www.maslacoromina.cat\/?page_id=21131"},"modified":"2024-10-10T07:19:00","modified_gmt":"2024-10-10T05:19:00","slug":"faq-preguntas-frecuentes","status":"publish","type":"page","link":"https:\/\/www.maslacoromina.cat\/es\/faq-preguntas-frecuentes\/","title":{"rendered":"FAQ &#8211; Preguntas frecuentes"},"content":{"rendered":"\n\t\t\t\n\t\t\t<style>\n\t\t\t\t#wpsm_accordion_18818 .wpsm_panel-heading{\npadding:0px !important;\n}\n#wpsm_accordion_18818 .wpsm_panel-title {\nmargin:0px !important; \ntext-transform:none !important;\nline-height: 1 !important;\nbackground:transparent !important;\n}\n#wpsm_accordion_18818 .wpsm_panel-title a{\ntext-decoration:none;\ncolor:#754e3f !important;\nfont-size:15px !important;\ndisplay:block;\npadding:0px;\nfont-family: Verdana !important;\npadding-top: 10px;\npadding-bottom: 10px;\nborder-bottom:1px solid  #754e3f !important;\n\n}\n#wpsm_accordion_18818 .wpsm_panel-title a:hover,#wpsm_accordion_18818 .wpsm_panel-title a:visited, #wpsm_accordion_18818 .wpsm_panel-title a:focus {\n\tcolor:#754e3f !important;\n}\n#wpsm_accordion_18818 .acc-a{\n\tcolor: #754e3f !important;\n\tbackground-color:transparent !important;\n\tborder: 0px !important;\n}\n#wpsm_accordion_18818 .wpsm_panel-default > .wpsm_panel-heading{\n\tcolor: #754e3f !important;\n\tbackground-color: transparent;\n\tborder:0px  !important;\n\tborder-top-left-radius: 0px;\n\tborder-top-right-radius: 0px;\n}\n\n#wpsm_accordion_18818 {\n\tmargin-bottom: 20px;\n\toverflow: hidden;\n\tfloat: left;\n\twidth: 100%;\n\tdisplay: block;\n}\n#wpsm_accordion_18818 .ac_title_class{\n\tdisplay: inline-block;\n    padding-top: 5px;\n    padding-bottom: 5px;\n    padding-left: 13px;\n    padding-right: 10px;\n    border: 0px solid #ddd;\n\tfont-size:15px !important;\nfont-family: 'Verdana' !important;\n\tline-height:1.4 !important\n\n}\n#wpsm_accordion_18818  .wpsm_panel {\n\toverflow:hidden;\n\t-webkit-box-shadow: 0 0px 0px rgba(0, 0, 0, .05);\n\tbox-shadow: 0 0px 0px rgba(0, 0, 0, .05);\n\t\n\tborder:0px !important;\n\tborder-radius: 0px;\n\tbackground:transparent !important;\n\t\n}\n\n#wpsm_accordion_18818  .wpsm_panel-body{\n\ncolor:#000000 !important;\n\nfont-size:14px !important;\nfont-family: 'Verdana' !important;\noverflow: hidden;\n\nborder: 0px solid #ddd !important;\n\nborder-top:0px !important;\nline-height:1.4 !important;\n}\n\n#wpsm_accordion_18818 .ac_open_cl_icon{\n\t\n\tcolor: #754e3f;\n\tfloat:left !important;\n     padding-top: 5px; \n     padding-bottom: 5px; \n\t padding-left:10px;\n\t padding-right:10px;\n    line-height: 1.0;\n    font-size:15px !important;\ntext-align: center !important;\n     width: 32px !important;\n    display: inline-block;\n\t-webkit-transition: all ease 0.8s;\n    -moz-transition: all ease 0.8s;\n    transition: all ease 0.8s;\n\t\n\t\n}\n#wpsm_accordion_18818 .ac_open_cl_number{\n width: 25px !important;\n    display: inline-block;\n\t margin-left:10px;\n\t text-align: center !important;\n\t font-size:15px !important;\n\n}\nhr color: #ffffff;\t\n\t\t\t<\/style>\n\t\t\t<div class=\"wpsm_panel-group\" id=\"wpsm_accordion_18818\" >\n\t\t\t\t\t\t\t\t\n\t\t\t\t\t<!-- Inner panel Start -->\n\t\t\t\t\t<div class=\"wpsm_panel wpsm_panel-default\">\n\t\t\t\t\t\t<div class=\"wpsm_panel-heading\" role=\"tab\" >\n\t\t\t\t\t\t  <h4 class=\"wpsm_panel-title\">\n\t\t\t\t\t\t\t<a  class=\"\"  data-toggle=\"collapse\" data-parent=\"#wpsm_accordion_18818 \" href=\"#ac_18818_collapse1\"  >\n\t\t\t\t\t\t\t\t\t\t\t\t\t\t\t\t\t<span class=\"ac_open_cl_icon fa fa-angle-right\"><\/span>\n\t\t\t\t\t\t\t\t\t\n\t\t\t\t\t\t\t\t \n\t\t\t\t\t\t\t\t<span class=\"ac_title_class\">\n\t\t\t\t\t\t\t\t\t\u00bfEs necesario reservar para visitar Mas la Coromina?\t\t\t\t\t\t\t\t<\/span>\n\t\t\t\t\t\t\t<\/a>\n\t\t\t\t\t\t  <\/h4>\n\t\t\t\t\t\t<\/div>\n\t\t\t\t\t\t<div id=\"ac_18818_collapse1\" class=\"wpsm_panel-collapse collapse collapse_18818 \"  >\n\t\t\t\t\t\t  <div class=\"wpsm_panel-body\">\n\t\t\t\t\t\t\t\n\t\t\t\t\t\t\tS\u00ed. Es necesaria reserva previamente, siempre, a trav\u00e9s de nuestra web <a href=\"https:\/\/www.maslacoromina.cat\/es\/producte\/visitas-familiares-castellano\/\">www.maslacoromina.cat<\/a>\t\t\t\t\t\t  <\/div>\n\t\t\t\t\t\t<\/div>\n\t\t\t\t\t<\/div>\n\t\t\t\t\t<!-- Inner panel End -->\n\t\t\t\t\t\n\t\t\t\t\t\t\t\t\n\t\t\t\t\t<!-- Inner panel Start -->\n\t\t\t\t\t<div class=\"wpsm_panel wpsm_panel-default\">\n\t\t\t\t\t\t<div class=\"wpsm_panel-heading\" role=\"tab\" >\n\t\t\t\t\t\t  <h4 class=\"wpsm_panel-title\">\n\t\t\t\t\t\t\t<a  class=\"collapsed\"  data-toggle=\"collapse\" data-parent=\"#wpsm_accordion_18818 \" href=\"#ac_18818_collapse2\"  >\n\t\t\t\t\t\t\t\t\t\t\t\t\t\t\t\t\t<span class=\"ac_open_cl_icon fa fa-angle-right\"><\/span>\n\t\t\t\t\t\t\t\t\t\n\t\t\t\t\t\t\t\t \n\t\t\t\t\t\t\t\t<span class=\"ac_title_class\">\n\t\t\t\t\t\t\t\t\tC\u00f3mo hacer una reserva online, paso a paso\t\t\t\t\t\t\t\t<\/span>\n\t\t\t\t\t\t\t<\/a>\n\t\t\t\t\t\t  <\/h4>\n\t\t\t\t\t\t<\/div>\n\t\t\t\t\t\t<div id=\"ac_18818_collapse2\" class=\"wpsm_panel-collapse collapse collapse_18818 \"  >\n\t\t\t\t\t\t  <div class=\"wpsm_panel-body\">\n\t\t\t\t\t\t\t\n\t\t\t\t\t\t\t<ol>\r\n  <li>En la parte superior de la <a href=\"https:\/\/www.maslacoromina.cat\/es\/producte\/visitas-familiares-castellano\" target=\"_blank\" rel=\"noopener\">visita familiar <\/a>, entrar el n\u00famero de personas (por edades)<\/li>\r\n  <li>Clicar sobre la fecha que desea venir<\/li>\r\n  <li>Clicar sobre el horario aunque s\u00f3lo aparezca una opci\u00f3n.<\/li>\r\n  <li>Reserva Ahora<\/li>\r\n  <li>Ir a caja<\/li>\r\n  <li>Entrar datos en todos los campos obligatorios<\/li>\r\n  <li>Elegir forma pago<\/li>\r\n  <li>Aceptar los t\u00e9rminos y condiciones<\/li>\r\n  <li>Realizar pedido<\/li>\r\n  <li>Una vez en la plataforma de pago, si tiene problemas para hacerlo, revise las configuraciones de la plataforma de la entidad bancaria.<\/li>\r\n<\/ol>\t\t\t\t\t\t  <\/div>\n\t\t\t\t\t\t<\/div>\n\t\t\t\t\t<\/div>\n\t\t\t\t\t<!-- Inner panel End -->\n\t\t\t\t\t\n\t\t\t\t\t\t\t\t\n\t\t\t\t\t<!-- Inner panel Start -->\n\t\t\t\t\t<div class=\"wpsm_panel wpsm_panel-default\">\n\t\t\t\t\t\t<div class=\"wpsm_panel-heading\" role=\"tab\" >\n\t\t\t\t\t\t  <h4 class=\"wpsm_panel-title\">\n\t\t\t\t\t\t\t<a  class=\"collapsed\"  data-toggle=\"collapse\" data-parent=\"#wpsm_accordion_18818 \" href=\"#ac_18818_collapse3\"  >\n\t\t\t\t\t\t\t\t\t\t\t\t\t\t\t\t\t<span class=\"ac_open_cl_icon fa fa-angle-right\"><\/span>\n\t\t\t\t\t\t\t\t\t\n\t\t\t\t\t\t\t\t \n\t\t\t\t\t\t\t\t<span class=\"ac_title_class\">\n\t\t\t\t\t\t\t\t\tC\u00f3mo es la visita &quot;Un dia a Pag\u00e8s&quot;\t\t\t\t\t\t\t\t<\/span>\n\t\t\t\t\t\t\t<\/a>\n\t\t\t\t\t\t  <\/h4>\n\t\t\t\t\t\t<\/div>\n\t\t\t\t\t\t<div id=\"ac_18818_collapse3\" class=\"wpsm_panel-collapse collapse collapse_18818 \"  >\n\t\t\t\t\t\t  <div class=\"wpsm_panel-body\">\n\t\t\t\t\t\t\t\n\t\t\t\t\t\t\t\"Un dia a pag\u00e8s\" es una visita guiada, din\u00e1mica y adaptada a todos los p\u00fablicos y edades.\r\nLa visita se centra en el funcionamiento de una granja ecol\u00f3gica de vacas lecheras y en nuestra leche ECO ATO.\r\nLa visita pasa por la sala de orde\u00f1o, el huerto y el gallinero y da la oportunidad de dar de comer a las vacas y de tocar los terneros.\r\nPor \u00faltimo, se acaba con un juego educativo y degustaci\u00f3n de producto\t\t\t\t\t\t  <\/div>\n\t\t\t\t\t\t<\/div>\n\t\t\t\t\t<\/div>\n\t\t\t\t\t<!-- Inner panel End -->\n\t\t\t\t\t\n\t\t\t\t\t\t\t\t\n\t\t\t\t\t<!-- Inner panel Start -->\n\t\t\t\t\t<div class=\"wpsm_panel wpsm_panel-default\">\n\t\t\t\t\t\t<div class=\"wpsm_panel-heading\" role=\"tab\" >\n\t\t\t\t\t\t  <h4 class=\"wpsm_panel-title\">\n\t\t\t\t\t\t\t<a  class=\"collapsed\"  data-toggle=\"collapse\" data-parent=\"#wpsm_accordion_18818 \" href=\"#ac_18818_collapse4\"  >\n\t\t\t\t\t\t\t\t\t\t\t\t\t\t\t\t\t<span class=\"ac_open_cl_icon fa fa-angle-right\"><\/span>\n\t\t\t\t\t\t\t\t\t\n\t\t\t\t\t\t\t\t \n\t\t\t\t\t\t\t\t<span class=\"ac_title_class\">\n\t\t\t\t\t\t\t\t\t\u00bfSe ve el orde\u00f1o durante la visita?\t\t\t\t\t\t\t\t<\/span>\n\t\t\t\t\t\t\t<\/a>\n\t\t\t\t\t\t  <\/h4>\n\t\t\t\t\t\t<\/div>\n\t\t\t\t\t\t<div id=\"ac_18818_collapse4\" class=\"wpsm_panel-collapse collapse collapse_18818 \"  >\n\t\t\t\t\t\t  <div class=\"wpsm_panel-body\">\n\t\t\t\t\t\t\t\n\t\t\t\t\t\t\tHabitualmente no es posible ver el orde\u00f1o en directo, ya que las vacas se orde\u00f1an a las 6 de la ma\u00f1ana y a las 6 de la tarde.\r\nSin embargo, durante el verano, se pueden programar visitas especiales para ver el orde\u00f1o.\r\nPara conocer las fechas exactas, es necesario <a href=\"https:\/\/www.maslacoromina.cat\/es\/producte\/visitas-familiares-castellano\/\" target=\"_blank\" rel=\"noopener\">consultar nuestro calendario.<\/a>\t\t\t\t\t\t  <\/div>\n\t\t\t\t\t\t<\/div>\n\t\t\t\t\t<\/div>\n\t\t\t\t\t<!-- Inner panel End -->\n\t\t\t\t\t\n\t\t\t\t\t\t\t\t\n\t\t\t\t\t<!-- Inner panel Start -->\n\t\t\t\t\t<div class=\"wpsm_panel wpsm_panel-default\">\n\t\t\t\t\t\t<div class=\"wpsm_panel-heading\" role=\"tab\" >\n\t\t\t\t\t\t  <h4 class=\"wpsm_panel-title\">\n\t\t\t\t\t\t\t<a  class=\"collapsed\"  data-toggle=\"collapse\" data-parent=\"#wpsm_accordion_18818 \" href=\"#ac_18818_collapse5\"  >\n\t\t\t\t\t\t\t\t\t\t\t\t\t\t\t\t\t<span class=\"ac_open_cl_icon fa fa-angle-right\"><\/span>\n\t\t\t\t\t\t\t\t\t\n\t\t\t\t\t\t\t\t \n\t\t\t\t\t\t\t\t<span class=\"ac_title_class\">\n\t\t\t\t\t\t\t\t\t\u00bfQu\u00e9 duraci\u00f3n tiene la visita?\t\t\t\t\t\t\t\t<\/span>\n\t\t\t\t\t\t\t<\/a>\n\t\t\t\t\t\t  <\/h4>\n\t\t\t\t\t\t<\/div>\n\t\t\t\t\t\t<div id=\"ac_18818_collapse5\" class=\"wpsm_panel-collapse collapse collapse_18818 \"  >\n\t\t\t\t\t\t  <div class=\"wpsm_panel-body\">\n\t\t\t\t\t\t\t\n\t\t\t\t\t\t\tLa visita tiene una duraci\u00f3n aproximada de 1'30 h.\t\t\t\t\t\t  <\/div>\n\t\t\t\t\t\t<\/div>\n\t\t\t\t\t<\/div>\n\t\t\t\t\t<!-- Inner panel End -->\n\t\t\t\t\t\n\t\t\t\t\t\t\t\t\n\t\t\t\t\t<!-- Inner panel Start -->\n\t\t\t\t\t<div class=\"wpsm_panel wpsm_panel-default\">\n\t\t\t\t\t\t<div class=\"wpsm_panel-heading\" role=\"tab\" >\n\t\t\t\t\t\t  <h4 class=\"wpsm_panel-title\">\n\t\t\t\t\t\t\t<a  class=\"collapsed\"  data-toggle=\"collapse\" data-parent=\"#wpsm_accordion_18818 \" href=\"#ac_18818_collapse6\"  >\n\t\t\t\t\t\t\t\t\t\t\t\t\t\t\t\t\t<span class=\"ac_open_cl_icon fa fa-angle-right\"><\/span>\n\t\t\t\t\t\t\t\t\t\n\t\t\t\t\t\t\t\t \n\t\t\t\t\t\t\t\t<span class=\"ac_title_class\">\n\t\t\t\t\t\t\t\t\t\u00bfPodemos llevar a nuestro perro?\t\t\t\t\t\t\t\t<\/span>\n\t\t\t\t\t\t\t<\/a>\n\t\t\t\t\t\t  <\/h4>\n\t\t\t\t\t\t<\/div>\n\t\t\t\t\t\t<div id=\"ac_18818_collapse6\" class=\"wpsm_panel-collapse collapse collapse_18818 \"  >\n\t\t\t\t\t\t  <div class=\"wpsm_panel-body\">\n\t\t\t\t\t\t\t\n\t\t\t\t\t\t\tS\u00ed. Los animales de compa\u00f1\u00eda son bienvenidos a las visitas a nuestra granja, siempre y cuando \u00e9ste se lleve atado en todo momento.\r\nDependiendo de la reacci\u00f3n del animal, si \u00e9ste ladra mucho, interfiere en el bienestar del grupo y en la calidad de la visita, se le habilitar\u00e1 una zona confortable a la entrada con agua.\t\t\t\t\t\t  <\/div>\n\t\t\t\t\t\t<\/div>\n\t\t\t\t\t<\/div>\n\t\t\t\t\t<!-- Inner panel End -->\n\t\t\t\t\t\n\t\t\t\t\t\t\t\t\n\t\t\t\t\t<!-- Inner panel Start -->\n\t\t\t\t\t<div class=\"wpsm_panel wpsm_panel-default\">\n\t\t\t\t\t\t<div class=\"wpsm_panel-heading\" role=\"tab\" >\n\t\t\t\t\t\t  <h4 class=\"wpsm_panel-title\">\n\t\t\t\t\t\t\t<a  class=\"collapsed\"  data-toggle=\"collapse\" data-parent=\"#wpsm_accordion_18818 \" href=\"#ac_18818_collapse7\"  >\n\t\t\t\t\t\t\t\t\t\t\t\t\t\t\t\t\t<span class=\"ac_open_cl_icon fa fa-angle-right\"><\/span>\n\t\t\t\t\t\t\t\t\t\n\t\t\t\t\t\t\t\t \n\t\t\t\t\t\t\t\t<span class=\"ac_title_class\">\n\t\t\t\t\t\t\t\t\t\u00bfPorque no puedo reservar la fecha que me interesa?\t\t\t\t\t\t\t\t<\/span>\n\t\t\t\t\t\t\t<\/a>\n\t\t\t\t\t\t  <\/h4>\n\t\t\t\t\t\t<\/div>\n\t\t\t\t\t\t<div id=\"ac_18818_collapse7\" class=\"wpsm_panel-collapse collapse collapse_18818 \"  >\n\t\t\t\t\t\t  <div class=\"wpsm_panel-body\">\n\t\t\t\t\t\t\t\n\t\t\t\t\t\t\tSi en el calendario de reservas no te es posible seleccionar la fecha deseada:\r\n1. Comprueba que no est\u00e9 en rojo. Si est\u00e1 en rojo significa que la visita ese d\u00eda est\u00e1 completa.\r\n2. Comprueba que no est\u00e9 en blanco. si est\u00e1 en blanco significa que este d\u00eda no es posible realizar la visita porque no hay visita programada.\r\n3. Si no existe visita programada, es decir, est\u00e1 en blanco, te informamos que las visitas se programan con 2 meses de antelaci\u00f3n.\r\n4. Si necesitas una fecha concreta para un grupo m\u00ednimo de 15 personas, escr\u00edbenos un correo electr\u00f3nico y le responderemos lo antes posible.\t\t\t\t\t\t  <\/div>\n\t\t\t\t\t\t<\/div>\n\t\t\t\t\t<\/div>\n\t\t\t\t\t<!-- Inner panel End -->\n\t\t\t\t\t\n\t\t\t\t\t\t\t<\/div>\n\t\t\t\t\n\t<script>\n\tjQuery(document).ready(function() {\n\t\t\n\t\t\tjQuery('.collapse_18818').on('shown.bs.collapse', function(){jQuery(this).parent().find(\".fa-angle-right\").removeClass(\"fa-angle-down\").addClass(\"fa-angle-down\"); jQuery(this).parent().find(\".wpsm_panel-heading\").addClass(\"acc-a\"); }).on('hidden.bs.collapse', function(){jQuery(this).parent().find(\".fa-angle-down\").removeClass(\"fa-angle-down\").addClass(\"fa-angle-right\"); jQuery(this).parent().find(\".wpsm_panel-heading\").removeClass(\"acc-a\");});\n\t\t\n\t\t});\n\t<\/script>\n","protected":false},"excerpt":{"rendered":"","protected":false},"author":2,"featured_media":0,"parent":0,"menu_order":0,"comment_status":"closed","ping_status":"closed","template":"","meta":{"_acf_changed":false,"footnotes":""},"class_list":["post-21131","page","type-page","status-publish","hentry"],"acf":[],"yoast_head":"<!-- This site is optimized with the Yoast SEO plugin v27.1.1 - https:\/\/yoast.com\/product\/yoast-seo-wordpress\/ -->\n<title>FAQ - Preguntas frecuentes - Mas la Coromina \u00b7 Granja ecol\u00f2gica ATO natura<\/title>\n<meta name=\"robots\" content=\"index, follow, max-snippet:-1, max-image-preview:large, max-video-preview:-1\" \/>\n<link rel=\"canonical\" href=\"https:\/\/www.maslacoromina.cat\/es\/faq-preguntas-frecuentes\/\" \/>\n<meta property=\"og:locale\" content=\"es_ES\" \/>\n<meta property=\"og:type\" content=\"article\" \/>\n<meta property=\"og:title\" content=\"FAQ - Preguntas frecuentes - Mas la Coromina \u00b7 Granja ecol\u00f2gica ATO natura\" \/>\n<meta property=\"og:url\" content=\"https:\/\/www.maslacoromina.cat\/es\/faq-preguntas-frecuentes\/\" \/>\n<meta property=\"og:site_name\" content=\"Mas la Coromina \u00b7 Granja ecol\u00f2gica ATO natura\" \/>\n<meta property=\"article:modified_time\" content=\"2024-10-10T05:19:00+00:00\" \/>\n<meta name=\"twitter:card\" content=\"summary_large_image\" \/>\n<meta name=\"twitter:label1\" content=\"Tiempo de lectura\" \/>\n\t<meta name=\"twitter:data1\" content=\"1 minuto\" \/>\n<script type=\"application\/ld+json\" class=\"yoast-schema-graph\">{\"@context\":\"https:\/\/schema.org\",\"@graph\":[{\"@type\":\"WebPage\",\"@id\":\"https:\/\/www.maslacoromina.cat\/es\/faq-preguntas-frecuentes\/\",\"url\":\"https:\/\/www.maslacoromina.cat\/es\/faq-preguntas-frecuentes\/\",\"name\":\"FAQ - Preguntas frecuentes - Mas la Coromina \u00b7 Granja ecol\u00f2gica ATO natura\",\"isPartOf\":{\"@id\":\"https:\/\/www.maslacoromina.cat\/#website\"},\"datePublished\":\"2024-10-10T05:16:50+00:00\",\"dateModified\":\"2024-10-10T05:19:00+00:00\",\"breadcrumb\":{\"@id\":\"https:\/\/www.maslacoromina.cat\/es\/faq-preguntas-frecuentes\/#breadcrumb\"},\"inLanguage\":\"es\",\"potentialAction\":[{\"@type\":\"ReadAction\",\"target\":[\"https:\/\/www.maslacoromina.cat\/es\/faq-preguntas-frecuentes\/\"]}]},{\"@type\":\"BreadcrumbList\",\"@id\":\"https:\/\/www.maslacoromina.cat\/es\/faq-preguntas-frecuentes\/#breadcrumb\",\"itemListElement\":[{\"@type\":\"ListItem\",\"position\":1,\"name\":\"Home\",\"item\":\"https:\/\/www.maslacoromina.cat\/es\/\"},{\"@type\":\"ListItem\",\"position\":2,\"name\":\"FAQ &#8211; Preguntas frecuentes\"}]},{\"@type\":\"WebSite\",\"@id\":\"https:\/\/www.maslacoromina.cat\/#website\",\"url\":\"https:\/\/www.maslacoromina.cat\/\",\"name\":\"Mas la Coromina \u00b7 Granja ecol\u00f2gica ATO natura\",\"description\":\"granja ecol\u00f2gica de la Garrotxa per visitar amb nens\",\"potentialAction\":[{\"@type\":\"SearchAction\",\"target\":{\"@type\":\"EntryPoint\",\"urlTemplate\":\"https:\/\/www.maslacoromina.cat\/?s={search_term_string}\"},\"query-input\":{\"@type\":\"PropertyValueSpecification\",\"valueRequired\":true,\"valueName\":\"search_term_string\"}}],\"inLanguage\":\"es\"}]}<\/script>\n<!-- \/ Yoast SEO plugin. -->","yoast_head_json":{"title":"FAQ - Preguntas frecuentes - Mas la Coromina \u00b7 Granja ecol\u00f2gica ATO natura","robots":{"index":"index","follow":"follow","max-snippet":"max-snippet:-1","max-image-preview":"max-image-preview:large","max-video-preview":"max-video-preview:-1"},"canonical":"https:\/\/www.maslacoromina.cat\/es\/faq-preguntas-frecuentes\/","og_locale":"es_ES","og_type":"article","og_title":"FAQ - Preguntas frecuentes - Mas la Coromina \u00b7 Granja ecol\u00f2gica ATO natura","og_url":"https:\/\/www.maslacoromina.cat\/es\/faq-preguntas-frecuentes\/","og_site_name":"Mas la Coromina \u00b7 Granja ecol\u00f2gica ATO natura","article_modified_time":"2024-10-10T05:19:00+00:00","twitter_card":"summary_large_image","twitter_misc":{"Tiempo de lectura":"1 minuto"},"schema":{"@context":"https:\/\/schema.org","@graph":[{"@type":"WebPage","@id":"https:\/\/www.maslacoromina.cat\/es\/faq-preguntas-frecuentes\/","url":"https:\/\/www.maslacoromina.cat\/es\/faq-preguntas-frecuentes\/","name":"FAQ - Preguntas frecuentes - Mas la Coromina \u00b7 Granja ecol\u00f2gica ATO natura","isPartOf":{"@id":"https:\/\/www.maslacoromina.cat\/#website"},"datePublished":"2024-10-10T05:16:50+00:00","dateModified":"2024-10-10T05:19:00+00:00","breadcrumb":{"@id":"https:\/\/www.maslacoromina.cat\/es\/faq-preguntas-frecuentes\/#breadcrumb"},"inLanguage":"es","potentialAction":[{"@type":"ReadAction","target":["https:\/\/www.maslacoromina.cat\/es\/faq-preguntas-frecuentes\/"]}]},{"@type":"BreadcrumbList","@id":"https:\/\/www.maslacoromina.cat\/es\/faq-preguntas-frecuentes\/#breadcrumb","itemListElement":[{"@type":"ListItem","position":1,"name":"Home","item":"https:\/\/www.maslacoromina.cat\/es\/"},{"@type":"ListItem","position":2,"name":"FAQ &#8211; Preguntas frecuentes"}]},{"@type":"WebSite","@id":"https:\/\/www.maslacoromina.cat\/#website","url":"https:\/\/www.maslacoromina.cat\/","name":"Mas la Coromina \u00b7 Granja ecol\u00f2gica ATO natura","description":"granja ecol\u00f2gica de la Garrotxa per visitar amb nens","potentialAction":[{"@type":"SearchAction","target":{"@type":"EntryPoint","urlTemplate":"https:\/\/www.maslacoromina.cat\/?s={search_term_string}"},"query-input":{"@type":"PropertyValueSpecification","valueRequired":true,"valueName":"search_term_string"}}],"inLanguage":"es"}]}},"_links":{"self":[{"href":"https:\/\/www.maslacoromina.cat\/es\/wp-json\/wp\/v2\/pages\/21131","targetHints":{"allow":["GET"]}}],"collection":[{"href":"https:\/\/www.maslacoromina.cat\/es\/wp-json\/wp\/v2\/pages"}],"about":[{"href":"https:\/\/www.maslacoromina.cat\/es\/wp-json\/wp\/v2\/types\/page"}],"author":[{"embeddable":true,"href":"https:\/\/www.maslacoromina.cat\/es\/wp-json\/wp\/v2\/users\/2"}],"replies":[{"embeddable":true,"href":"https:\/\/www.maslacoromina.cat\/es\/wp-json\/wp\/v2\/comments?post=21131"}],"version-history":[{"count":3,"href":"https:\/\/www.maslacoromina.cat\/es\/wp-json\/wp\/v2\/pages\/21131\/revisions"}],"predecessor-version":[{"id":21134,"href":"https:\/\/www.maslacoromina.cat\/es\/wp-json\/wp\/v2\/pages\/21131\/revisions\/21134"}],"wp:attachment":[{"href":"https:\/\/www.maslacoromina.cat\/es\/wp-json\/wp\/v2\/media?parent=21131"}],"curies":[{"name":"wp","href":"https:\/\/api.w.org\/{rel}","templated":true}]}}